{"version":"1.0","type":"rich","width":"560px","height":"140px","title":"Ann-Katrin M\u00fcller \u00fcber die Europawahlversammlung der AfD und den Durchmarsch der V\u00f6lkischen - Sichtlich befl\u00fcgelt vom aktuellen Umfragehoch hat man in Magdeburg eine lange Liste von Kandidierenden gew\u00e4hlt. Was sind das f\u00fcr Menschen und f\u00fcr welche Positionen ernteten sie begeisterten Applaus von den Delegierten?","url":"https:\/\/www.denkangebot.org\/allgemein\/ann-katrin-mueller-ueber-die-europawahlversammlung-der-afd-und-den-durchmarsch-der-voelkischen\/","author_name":"Denkangebot Podcast - Deine Dosis Politik","author_url":"https:\/\/www.denkangebot.org","thumbnail_url":"https:\/\/www.denkangebot.org\/wp-content\/uploads\/Ann-Katrin-Mueller-Denkangebot-Podcast.jpg","html":"<iframe width=\"560px\" height=\"140px\" src=\"https:\/\/www.denkangebot.org\/allgemein\/ann-katrin-mueller-ueber-die-europawahlversammlung-der-afd-und-den-durchmarsch-der-voelkischen\/?standalonePlayer\"><\/iframe>"}